{"id":106,"date":"2014-04-07T10:28:05","date_gmt":"2014-04-07T09:28:05","guid":{"rendered":"http:\/\/aij.machine-a-web.com\/?page_id=106"},"modified":"2025-06-02T09:26:52","modified_gmt":"2025-06-02T07:26:52","slug":"lage","status":"publish","type":"page","link":"https:\/\/www.aijparis.com\/de\/lage\/","title":{"rendered":"Lage"},"content":{"rendered":"\t\t<div data-elementor-type=\"wp-page\" data-elementor-id=\"106\" class=\"elementor elementor-106\" data-elementor-post-type=\"page\">\n\t\t\t\t<div class=\"elementor-element elementor-element-8154c76 e-con-full e-flex e-con e-parent\" data-id=\"8154c76\" data-element_type=\"container\" data-e-type=\"container\" data-settings=\"{&quot;background_background&quot;:&quot;classic&quot;}\">\n\t\t<div class=\"elementor-element elementor-element-54f9795 e-con-full e-flex e-con e-child\" data-id=\"54f9795\" data-element_type=\"container\" data-e-type=\"container\">\n\t\t\t\t<div class=\"elementor-element elementor-element-84be50c elementor-widget elementor-widget-heading\" data-id=\"84be50c\" data-element_type=\"widget\" data-e-type=\"widget\" data-widget_type=\"heading.default\">\n\t\t\t\t<div class=\"elementor-widget-container\">\n\t\t\t\t\t<h1 class=\"elementor-heading-title elementor-size-default\">LAGE<\/h1>\t\t\t\t<\/div>\n\t\t\t\t<\/div>\n\t\t\t\t<div class=\"elementor-element elementor-element-983c3a8 elementor-widget elementor-widget-heading\" data-id=\"983c3a8\" data-element_type=\"widget\" data-e-type=\"widget\" data-widget_type=\"heading.default\">\n\t\t\t\t<div class=\"elementor-widget-container\">\n\t\t\t\t\t<h2 class=\"elementor-heading-title elementor-size-default\"><a href=\"\">JUGENDHERBERGE IN PARIS<\/a><\/h2>\t\t\t\t<\/div>\n\t\t\t\t<\/div>\n\t\t\t\t<div class=\"elementor-element elementor-element-ae56fc0 elementor-widget-divider--separator-type-pattern elementor-widget-divider--view-line elementor-widget elementor-widget-divider\" data-id=\"ae56fc0\" data-element_type=\"widget\" data-e-type=\"widget\" data-widget_type=\"divider.default\">\n\t\t\t\t<div class=\"elementor-widget-container\">\n\t\t\t\t\t\t\t<div class=\"elementor-divider\" style=\"--divider-pattern-url: url(&quot;data:image\/svg+xml,%3Csvg xmlns=&#039;http:\/\/www.w3.org\/2000\/svg&#039; preserveAspectRatio=&#039;none&#039; overflow=&#039;visible&#039; height=&#039;100%&#039; viewBox=&#039;0 0 20 16&#039; fill=&#039;none&#039; stroke=&#039;black&#039; stroke-width=&#039;1&#039; stroke-linecap=&#039;square&#039; stroke-miterlimit=&#039;10&#039;%3E%3Cg transform=&#039;translate(-12.000000, 0)&#039;%3E%3Cpath d=&#039;M28,0L10,18&#039;\/%3E%3Cpath d=&#039;M18,0L0,18&#039;\/%3E%3Cpath d=&#039;M48,0L30,18&#039;\/%3E%3Cpath d=&#039;M38,0L20,18&#039;\/%3E%3C\/g%3E%3C\/svg%3E&quot;);\">\n\t\t\t<span class=\"elementor-divider-separator\">\n\t\t\t\t\t\t<\/span>\n\t\t<\/div>\n\t\t\t\t\t\t<\/div>\n\t\t\t\t<\/div>\n\t\t\t\t<\/div>\n\t\t\t\t<\/div>\n\t\t<div class=\"elementor-element elementor-element-b5ec910 e-con-full e-flex e-con e-parent\" data-id=\"b5ec910\" data-element_type=\"container\" data-e-type=\"container\" data-settings=\"{&quot;background_background&quot;:&quot;classic&quot;}\">\n\t\t<div class=\"elementor-element elementor-element-339262f e-con-full e-flex e-con e-child\" data-id=\"339262f\" data-element_type=\"container\" data-e-type=\"container\">\n\t\t\t\t<div class=\"elementor-element elementor-element-fd2faaa elementor-widget elementor-widget-heading\" data-id=\"fd2faaa\" data-element_type=\"widget\" data-e-type=\"widget\" data-widget_type=\"heading.default\">\n\t\t\t\t<div class=\"elementor-widget-container\">\n\t\t\t\t\t<h3 class=\"elementor-heading-title elementor-size-default\">Lage: Bastille Viertel<\/h3>\t\t\t\t<\/div>\n\t\t\t\t<\/div>\n\t\t\t\t<div class=\"elementor-element elementor-element-4f5daf3 elementor-widget elementor-widget-heading\" data-id=\"4f5daf3\" data-element_type=\"widget\" data-e-type=\"widget\" data-widget_type=\"heading.default\">\n\t\t\t\t<div class=\"elementor-widget-container\">\n\t\t\t\t\t<h4 class=\"elementor-heading-title elementor-size-default\">Die Herberge AIJ ist im Herzen von Paris gelegen<\/h4>\t\t\t\t<\/div>\n\t\t\t\t<\/div>\n\t\t\t\t<div class=\"elementor-element elementor-element-5d07480 elementor-widget elementor-widget-text-editor\" data-id=\"5d07480\" data-element_type=\"widget\" data-e-type=\"widget\" data-widget_type=\"text-editor.default\">\n\t\t\t\t<div class=\"elementor-widget-container\">\n\t\t\t\t\t\t\t\t\t<p><strong>Auberge International des Jeunes | <\/strong>10, rue trousseau | 75011 Paris<\/p><p>Die Herberge AIJ ist im Herzen von Paris gelegen, im belebten Stadtteil <a href=\"https:\/\/www.aijparis.com\/de\/bastille-2\/\">La Bastille<\/a>, wo sich auch besonders viele <a href=\"https:\/\/www.aijparis.com\/de\/stadtguide-paris\/stadtviertel-bastille\/\">Bars und Restaurants <\/a>finden lassen.<\/p>\t\t\t\t\t\t\t\t<\/div>\n\t\t\t\t<\/div>\n\t\t\t\t<div class=\"elementor-element elementor-element-c5997ce elementor-widget elementor-widget-image\" data-id=\"c5997ce\" data-element_type=\"widget\" data-e-type=\"widget\" data-widget_type=\"image.default\">\n\t\t\t\t<div class=\"elementor-widget-container\">\n\t\t\t\t\t\t\t\t\t\t\t\t\t\t\t<img fetchpriority=\"high\" decoding=\"async\" width=\"800\" height=\"354\" src=\"https:\/\/www.aijparis.com\/wp-content\/uploads\/2023\/11\/carte-monuments-aij-02.png\" class=\"attachment-large size-large wp-image-8825\" alt=\"\" srcset=\"https:\/\/www.aijparis.com\/wp-content\/uploads\/2023\/11\/carte-monuments-aij-02.png 910w, https:\/\/www.aijparis.com\/wp-content\/uploads\/2023\/11\/carte-monuments-aij-02-300x133.png 300w, https:\/\/www.aijparis.com\/wp-content\/uploads\/2023\/11\/carte-monuments-aij-02-768x340.png 768w\" sizes=\"(max-width: 800px) 100vw, 800px\" \/>\t\t\t\t\t\t\t\t\t\t\t\t\t\t\t<\/div>\n\t\t\t\t<\/div>\n\t\t<div class=\"elementor-element elementor-element-6f27f98 e-con-full e-flex e-con e-child\" data-id=\"6f27f98\" data-element_type=\"container\" data-e-type=\"container\" data-settings=\"{&quot;background_background&quot;:&quot;classic&quot;}\">\n\t\t\t\t<div class=\"elementor-element elementor-element-fc00a78 elementor-icon-list--layout-traditional elementor-list-item-link-full_width elementor-widget elementor-widget-icon-list\" data-id=\"fc00a78\" data-element_type=\"widget\" data-e-type=\"widget\" data-widget_type=\"icon-list.default\">\n\t\t\t\t<div class=\"elementor-widget-container\">\n\t\t\t\t\t\t\t<ul class=\"elementor-icon-list-items\">\n\t\t\t\t\t\t\t<li class=\"elementor-icon-list-item\">\n\t\t\t\t\t\t\t\t\t\t\t<span class=\"elementor-icon-list-icon\">\n\t\t\t\t\t\t\t<i aria-hidden=\"true\" class=\"fas fa-parking\"><\/i>\t\t\t\t\t\t<\/span>\n\t\t\t\t\t\t\t\t\t\t<span class=\"elementor-icon-list-text\">Parkm\u00f6glichkeit in der N\u00e4he<\/span>\n\t\t\t\t\t\t\t\t\t<\/li>\n\t\t\t\t\t\t<\/ul>\n\t\t\t\t\t\t<\/div>\n\t\t\t\t<\/div>\n\t\t\t\t<div class=\"elementor-element elementor-element-cd1e25f elementor-align-start elementor-icon-list--layout-traditional elementor-list-item-link-full_width elementor-widget elementor-widget-icon-list\" data-id=\"cd1e25f\" data-element_type=\"widget\" data-e-type=\"widget\" data-widget_type=\"icon-list.default\">\n\t\t\t\t<div class=\"elementor-widget-container\">\n\t\t\t\t\t\t\t<ul class=\"elementor-icon-list-items\">\n\t\t\t\t\t\t\t<li class=\"elementor-icon-list-item\">\n\t\t\t\t\t\t\t\t\t\t\t<span class=\"elementor-icon-list-icon\">\n\t\t\t\t\t\t\t<i aria-hidden=\"true\" class=\"fas fa-check\"><\/i>\t\t\t\t\t\t<\/span>\n\t\t\t\t\t\t\t\t\t\t<span class=\"elementor-icon-list-text\">Parkplatz Ledru-Rollin (3 Minuten zu Fuss)<\/span>\n\t\t\t\t\t\t\t\t\t<\/li>\n\t\t\t\t\t\t\t\t<li class=\"elementor-icon-list-item\">\n\t\t\t\t\t\t\t\t\t\t\t<span class=\"elementor-icon-list-icon\">\n\t\t\t\t\t\t\t<i aria-hidden=\"true\" class=\"fas fa-check\"><\/i>\t\t\t\t\t\t<\/span>\n\t\t\t\t\t\t\t\t\t\t<span class=\"elementor-icon-list-text\">Parkplatz Opera Bastille (9 Minuten zu Fuss)<\/span>\n\t\t\t\t\t\t\t\t\t<\/li>\n\t\t\t\t\t\t\t\t<li class=\"elementor-icon-list-item\">\n\t\t\t\t\t\t\t\t\t\t\t<span class=\"elementor-icon-list-icon\">\n\t\t\t\t\t\t\t<i aria-hidden=\"true\" class=\"fas fa-check\"><\/i>\t\t\t\t\t\t<\/span>\n\t\t\t\t\t\t\t\t\t\t<span class=\"elementor-icon-list-text\">Parkplatz Garage du Faubourg (10 Minuten zu Fuss)<\/span>\n\t\t\t\t\t\t\t\t\t<\/li>\n\t\t\t\t\t\t<\/ul>\n\t\t\t\t\t\t<\/div>\n\t\t\t\t<\/div>\n\t\t\t\t<div class=\"elementor-element elementor-element-d8a3a74 elementor-widget elementor-widget-text-editor\" data-id=\"d8a3a74\" data-element_type=\"widget\" data-e-type=\"widget\" data-widget_type=\"text-editor.default\">\n\t\t\t\t<div class=\"elementor-widget-container\">\n\t\t\t\t\t\t\t\t\t<a href=\"https:\/\/www.aijparis.com\/de\/lage\/parking\/\">Sehen Sie sich die Anfahrtsm\u00f6glichkeiten f\u00fcr die Parkpl\u00e4tze auf der Karte an > <\/a>\t\t\t\t\t\t\t\t<\/div>\n\t\t\t\t<\/div>\n\t\t\t\t<div class=\"elementor-element elementor-element-2d43f8e elementor-widget-divider--view-line elementor-widget elementor-widget-divider\" data-id=\"2d43f8e\" data-element_type=\"widget\" data-e-type=\"widget\" data-widget_type=\"divider.default\">\n\t\t\t\t<div class=\"elementor-widget-container\">\n\t\t\t\t\t\t\t<div class=\"elementor-divider\">\n\t\t\t<span class=\"elementor-divider-separator\">\n\t\t\t\t\t\t<\/span>\n\t\t<\/div>\n\t\t\t\t\t\t<\/div>\n\t\t\t\t<\/div>\n\t\t\t\t<\/div>\n\t\t\t\t<\/div>\n\t\t<div class=\"elementor-element elementor-element-680ce5b e-con-full e-flex e-con e-child\" data-id=\"680ce5b\" data-element_type=\"container\" data-e-type=\"container\" data-settings=\"{&quot;background_background&quot;:&quot;classic&quot;}\">\n\t\t<div class=\"elementor-element elementor-element-8943183 e-con-full e-flex e-con e-child\" data-id=\"8943183\" data-element_type=\"container\" data-e-type=\"container\">\n\t\t\t\t<div class=\"elementor-element elementor-element-3fdabf8 elementor-icon-list--layout-traditional elementor-list-item-link-full_width elementor-widget elementor-widget-icon-list\" data-id=\"3fdabf8\" data-element_type=\"widget\" data-e-type=\"widget\" data-widget_type=\"icon-list.default\">\n\t\t\t\t<div class=\"elementor-widget-container\">\n\t\t\t\t\t\t\t<ul class=\"elementor-icon-list-items\">\n\t\t\t\t\t\t\t<li class=\"elementor-icon-list-item\">\n\t\t\t\t\t\t\t\t\t\t\t<span class=\"elementor-icon-list-icon\">\n\t\t\t\t\t\t\t<i aria-hidden=\"true\" class=\"fas fa-train\"><\/i>\t\t\t\t\t\t<\/span>\n\t\t\t\t\t\t\t\t\t\t<span class=\"elementor-icon-list-text\">\u00d6ffentliche Verkehrsmittel in unmittelbarer N\u00e4he<\/span>\n\t\t\t\t\t\t\t\t\t<\/li>\n\t\t\t\t\t\t<\/ul>\n\t\t\t\t\t\t<\/div>\n\t\t\t\t<\/div>\n\t\t\t\t<div class=\"elementor-element elementor-element-1ae44d1 elementor-align-start elementor-icon-list--layout-traditional elementor-list-item-link-full_width elementor-widget elementor-widget-icon-list\" data-id=\"1ae44d1\" data-element_type=\"widget\" data-e-type=\"widget\" data-widget_type=\"icon-list.default\">\n\t\t\t\t<div class=\"elementor-widget-container\">\n\t\t\t\t\t\t\t<ul class=\"elementor-icon-list-items\">\n\t\t\t\t\t\t\t<li class=\"elementor-icon-list-item\">\n\t\t\t\t\t\t\t\t\t\t\t<span class=\"elementor-icon-list-icon\">\n\t\t\t\t\t\t\t<i aria-hidden=\"true\" class=\"fas fa-check\"><\/i>\t\t\t\t\t\t<\/span>\n\t\t\t\t\t\t\t\t\t\t<span class=\"elementor-icon-list-text\">Die Metrostation Ledru-Rollin,  2 Busstationen und ein Taxistand befinden sich nicht einmal 200 Meter von der Herberge entfernt<\/span>\n\t\t\t\t\t\t\t\t\t<\/li>\n\t\t\t\t\t\t\t\t<li class=\"elementor-icon-list-item\">\n\t\t\t\t\t\t\t\t\t\t\t<span class=\"elementor-icon-list-icon\">\n\t\t\t\t\t\t\t<i aria-hidden=\"true\" class=\"fas fa-check\"><\/i>\t\t\t\t\t\t<\/span>\n\t\t\t\t\t\t\t\t\t\t<span class=\"elementor-icon-list-text\">Die n\u00e4herste Station zum AIJ ist Ledru-Rollin (Linie 8), nur wenige Meter von der Jugendherberge entfernt. Nat\u00fcrlich k\u00f6nnen Sie auch die Station Bastille nehmen (Linien 1, 5 und 8). <\/span>\n\t\t\t\t\t\t\t\t\t<\/li>\n\t\t\t\t\t\t<\/ul>\n\t\t\t\t\t\t<\/div>\n\t\t\t\t<\/div>\n\t\t\t\t<div class=\"elementor-element elementor-element-140bcfa elementor-widget elementor-widget-text-editor\" data-id=\"140bcfa\" data-element_type=\"widget\" data-e-type=\"widget\" data-widget_type=\"text-editor.default\">\n\t\t\t\t<div class=\"elementor-widget-container\">\n\t\t\t\t\t\t\t\t\t<p>Sollten Sie Ausk\u00fcnfte bez\u00fcglich Fahrten mit den \u00f6ffentlichen Verkehrsmitteln ben\u00f6tigen, laden wir Sie herzlich ein, die <a href=\"http:\/\/www.ratp.fr\/\" target=\"_blank\" rel=\"noopener\"> Internetseite RATP<\/a> zu konsultieren.<\/p>\t\t\t\t\t\t\t\t<\/div>\n\t\t\t\t<\/div>\n\t\t\t\t<div class=\"elementor-element elementor-element-1d9ffd1 elementor-widget-divider--view-line elementor-widget elementor-widget-divider\" data-id=\"1d9ffd1\" data-element_type=\"widget\" data-e-type=\"widget\" data-widget_type=\"divider.default\">\n\t\t\t\t<div class=\"elementor-widget-container\">\n\t\t\t\t\t\t\t<div class=\"elementor-divider\">\n\t\t\t<span class=\"elementor-divider-separator\">\n\t\t\t\t\t\t<\/span>\n\t\t<\/div>\n\t\t\t\t\t\t<\/div>\n\t\t\t\t<\/div>\n\t\t\t\t<\/div>\n\t\t<div class=\"elementor-element elementor-element-756e406 e-con-full e-flex e-con e-child\" data-id=\"756e406\" data-element_type=\"container\" data-e-type=\"container\">\n\t\t\t\t<div class=\"elementor-element elementor-element-da49aa7 elementor-icon-list--layout-traditional elementor-list-item-link-full_width elementor-widget elementor-widget-icon-list\" data-id=\"da49aa7\" data-element_type=\"widget\" data-e-type=\"widget\" data-widget_type=\"icon-list.default\">\n\t\t\t\t<div class=\"elementor-widget-container\">\n\t\t\t\t\t\t\t<ul class=\"elementor-icon-list-items\">\n\t\t\t\t\t\t\t<li class=\"elementor-icon-list-item\">\n\t\t\t\t\t\t\t\t\t\t\t<span class=\"elementor-icon-list-icon\">\n\t\t\t\t\t\t\t<i aria-hidden=\"true\" class=\"fas fa-shopping-bag\"><\/i>\t\t\t\t\t\t<\/span>\n\t\t\t\t\t\t\t\t\t\t<span class=\"elementor-icon-list-text\">Gesch\u00e4fte und Dienstleister in unmittelbarer N\u00e4he<\/span>\n\t\t\t\t\t\t\t\t\t<\/li>\n\t\t\t\t\t\t<\/ul>\n\t\t\t\t\t\t<\/div>\n\t\t\t\t<\/div>\n\t\t\t\t<div class=\"elementor-element elementor-element-38725ab elementor-align-start elementor-icon-list--layout-traditional elementor-list-item-link-full_width elementor-widget elementor-widget-icon-list\" data-id=\"38725ab\" data-element_type=\"widget\" data-e-type=\"widget\" data-widget_type=\"icon-list.default\">\n\t\t\t\t<div class=\"elementor-widget-container\">\n\t\t\t\t\t\t\t<ul class=\"elementor-icon-list-items\">\n\t\t\t\t\t\t\t<li class=\"elementor-icon-list-item\">\n\t\t\t\t\t\t\t\t\t\t\t<span class=\"elementor-icon-list-icon\">\n\t\t\t\t\t\t\t<i aria-hidden=\"true\" class=\"fas fa-check\"><\/i>\t\t\t\t\t\t<\/span>\n\t\t\t\t\t\t\t\t\t\t<span class=\"elementor-icon-list-text\">Waschsalons befinden sich unweit der Jugendherberge.<\/span>\n\t\t\t\t\t\t\t\t\t<\/li>\n\t\t\t\t\t\t\t\t<li class=\"elementor-icon-list-item\">\n\t\t\t\t\t\t\t\t\t\t\t<span class=\"elementor-icon-list-icon\">\n\t\t\t\t\t\t\t<i aria-hidden=\"true\" class=\"fas fa-check\"><\/i>\t\t\t\t\t\t<\/span>\n\t\t\t\t\t\t\t\t\t\t<span class=\"elementor-icon-list-text\">Restaurants, B\u00e4ckereien<\/span>\n\t\t\t\t\t\t\t\t\t<\/li>\n\t\t\t\t\t\t\t\t<li class=\"elementor-icon-list-item\">\n\t\t\t\t\t\t\t\t\t\t\t<span class=\"elementor-icon-list-icon\">\n\t\t\t\t\t\t\t<i aria-hidden=\"true\" class=\"fas fa-check\"><\/i>\t\t\t\t\t\t<\/span>\n\t\t\t\t\t\t\t\t\t\t<span class=\"elementor-icon-list-text\">Apotheken \u2026. <\/span>\n\t\t\t\t\t\t\t\t\t<\/li>\n\t\t\t\t\t\t\t\t<li class=\"elementor-icon-list-item\">\n\t\t\t\t\t\t\t\t\t\t\t<span class=\"elementor-icon-list-icon\">\n\t\t\t\t\t\t\t<i aria-hidden=\"true\" class=\"fas fa-check\"><\/i>\t\t\t\t\t\t<\/span>\n\t\t\t\t\t\t\t\t\t\t<span class=\"elementor-icon-list-text\">Superm\u00e4rkte (Monoprix)<\/span>\n\t\t\t\t\t\t\t\t\t<\/li>\n\t\t\t\t\t\t\t\t<li class=\"elementor-icon-list-item\">\n\t\t\t\t\t\t\t\t\t\t\t<span class=\"elementor-icon-list-icon\">\n\t\t\t\t\t\t\t<i aria-hidden=\"true\" class=\"fas fa-check\"><\/i>\t\t\t\t\t\t<\/span>\n\t\t\t\t\t\t\t\t\t\t<span class=\"elementor-icon-list-text\">Bars<\/span>\n\t\t\t\t\t\t\t\t\t<\/li>\n\t\t\t\t\t\t\t\t<li class=\"elementor-icon-list-item\">\n\t\t\t\t\t\t\t\t\t\t\t<span class=\"elementor-icon-list-icon\">\n\t\t\t\t\t\t\t<i aria-hidden=\"true\" class=\"fas fa-check\"><\/i>\t\t\t\t\t\t<\/span>\n\t\t\t\t\t\t\t\t\t\t<span class=\"elementor-icon-list-text\">Fruchtmarkt und Gem\u00fcses (March\u00e9 Beauvau \/ Aligre)<\/span>\n\t\t\t\t\t\t\t\t\t<\/li>\n\t\t\t\t\t\t\t\t<li class=\"elementor-icon-list-item\">\n\t\t\t\t\t\t\t\t\t\t\t<span class=\"elementor-icon-list-icon\">\n\t\t\t\t\t\t\t<i aria-hidden=\"true\" class=\"fas fa-check\"><\/i>\t\t\t\t\t\t<\/span>\n\t\t\t\t\t\t\t\t\t\t<span class=\"elementor-icon-list-text\">Marken : Starbucks Coffee, Mc Donalds, Jeff de Bruges, Sushi Shop, Subway, NafNaf, Cahartt, kooka\u00ef, Lacoste, S\u00e9phora; Kickers\u2026<\/span>\n\t\t\t\t\t\t\t\t\t<\/li>\n\t\t\t\t\t\t<\/ul>\n\t\t\t\t\t\t<\/div>\n\t\t\t\t<\/div>\n\t\t\t\t<\/div>\n\t\t\t\t<\/div>\n\t\t\t\t<\/div>\n\t\t<div class=\"elementor-element elementor-element-af7d840 e-con-full e-flex e-con e-parent\" data-id=\"af7d840\" data-element_type=\"container\" data-e-type=\"container\" data-settings=\"{&quot;background_background&quot;:&quot;gradient&quot;,&quot;shape_divider_top&quot;:&quot;triangle-asymmetrical&quot;,&quot;shape_divider_bottom&quot;:&quot;tilt&quot;,&quot;motion_fx_motion_fx_scrolling&quot;:&quot;yes&quot;,&quot;motion_fx_translateY_effect&quot;:&quot;yes&quot;,&quot;motion_fx_translateY_speed&quot;:{&quot;unit&quot;:&quot;px&quot;,&quot;size&quot;:4,&quot;sizes&quot;:[]},&quot;motion_fx_translateY_affectedRange&quot;:{&quot;unit&quot;:&quot;%&quot;,&quot;size&quot;:&quot;&quot;,&quot;sizes&quot;:{&quot;start&quot;:0,&quot;end&quot;:100}},&quot;motion_fx_devices&quot;:[&quot;widescreen&quot;,&quot;desktop&quot;,&quot;laptop&quot;,&quot;tablet_extra&quot;,&quot;tablet&quot;,&quot;mobile_extra&quot;,&quot;mobile&quot;]}\">\n\t\t\t\t<div class=\"elementor-shape elementor-shape-top\" aria-hidden=\"true\" data-negative=\"false\">\n\t\t\t<svg xmlns=\"http:\/\/www.w3.org\/2000\/svg\" viewBox=\"0 0 1000 100\" preserveAspectRatio=\"none\">\n\t<path class=\"elementor-shape-fill\" d=\"M738,99l262-93V0H0v5.6L738,99z\"\/>\n<\/svg>\t\t<\/div>\n\t\t\t\t<div class=\"elementor-shape elementor-shape-bottom\" aria-hidden=\"true\" data-negative=\"false\">\n\t\t\t<svg xmlns=\"http:\/\/www.w3.org\/2000\/svg\" viewBox=\"0 0 1000 100\" preserveAspectRatio=\"none\">\n\t<path class=\"elementor-shape-fill\" d=\"M0,6V0h1000v100L0,6z\"\/>\n<\/svg>\t\t<\/div>\n\t\t<div class=\"elementor-element elementor-element-edba6d0 e-con-full e-flex e-con e-child\" data-id=\"edba6d0\" data-element_type=\"container\" data-e-type=\"container\">\n\t\t\t\t<div class=\"elementor-element elementor-element-20d2031 elementor-headline--style-rotate elementor-widget elementor-widget-animated-headline\" data-id=\"20d2031\" data-element_type=\"widget\" data-e-type=\"widget\" data-settings=\"{&quot;headline_style&quot;:&quot;rotate&quot;,&quot;animation_type&quot;:&quot;flip&quot;,&quot;rotating_text&quot;:&quot;Paris&quot;,&quot;loop&quot;:&quot;yes&quot;,&quot;rotate_iteration_delay&quot;:2500}\" data-widget_type=\"animated-headline.default\">\n\t\t\t\t<div class=\"elementor-widget-container\">\n\t\t\t\t\t\t\t<h3 class=\"elementor-headline elementor-headline-animation-type-flip\">\n\t\t\t\t\t<span class=\"elementor-headline-plain-text elementor-headline-text-wrapper\">Wegbeschreibung:  <\/br> Metrostation Ledru-Rollin \u2013 Linie 8<\/span>\n\t\t\t\t<span class=\"elementor-headline-dynamic-wrapper elementor-headline-text-wrapper\">\n\t\t\t\t\t<span class=\"elementor-headline-dynamic-text elementor-headline-text-active\">\n\t\t\t\tParis\t\t\t<\/span>\n\t\t\t\t\t\t<\/span>\n\t\t\t\t<\/h3>\n\t\t\t\t\t\t<\/div>\n\t\t\t\t<\/div>\n\t\t\t\t<div class=\"elementor-element elementor-element-ae4336d elementor-widget elementor-widget-text-editor\" data-id=\"ae4336d\" data-element_type=\"widget\" data-e-type=\"widget\" data-widget_type=\"text-editor.default\">\n\t\t\t\t<div class=\"elementor-widget-container\">\n\t\t\t\t\t\t\t\t\tBeim Verlassen der Metrostation, gehen Sie bis zur 126, Rue du Faubourg Saint-Antoine und biegen Sie dann links in die Rue Trousseau ab.\t\t\t\t\t\t\t\t<\/div>\n\t\t\t\t<\/div>\n\t\t<div class=\"elementor-element elementor-element-2829c91 e-flex e-con-boxed e-con e-child\" data-id=\"2829c91\" data-element_type=\"container\" data-e-type=\"container\" data-settings=\"{&quot;background_background&quot;:&quot;classic&quot;}\">\n\t\t\t\t\t<div class=\"e-con-inner\">\n\t\t\t\t<div class=\"elementor-element elementor-element-c3462f5 elementor-tabs-view-vertical elementor-widget elementor-widget-tabs\" data-id=\"c3462f5\" data-element_type=\"widget\" data-e-type=\"widget\" data-widget_type=\"tabs.default\">\n\t\t\t\t<div class=\"elementor-widget-container\">\n\t\t\t\t\t\t\t<div class=\"elementor-tabs\">\n\t\t\t<div class=\"elementor-tabs-wrapper\" role=\"tablist\" >\n\t\t\t\t\t\t\t\t\t<div id=\"elementor-tab-title-2041\" class=\"elementor-tab-title elementor-tab-desktop-title\" aria-selected=\"true\" data-tab=\"1\" role=\"tab\" tabindex=\"0\" aria-controls=\"elementor-tab-content-2041\" aria-expanded=\"false\"><i class=\"fa fa-plane\" aria-hidden=\"true\"><\/i>  Von Orly<\/div>\n\t\t\t\t\t\t\t\t\t<div id=\"elementor-tab-title-2042\" class=\"elementor-tab-title elementor-tab-desktop-title\" aria-selected=\"false\" data-tab=\"2\" role=\"tab\" tabindex=\"-1\" aria-controls=\"elementor-tab-content-2042\" aria-expanded=\"false\"><i class=\"fa fa-plane\" aria-hidden=\"true\"><\/i>  Von Charles de Gaulle<\/div>\n\t\t\t\t\t\t\t\t\t<div id=\"elementor-tab-title-2043\" class=\"elementor-tab-title elementor-tab-desktop-title\" aria-selected=\"false\" data-tab=\"3\" role=\"tab\" tabindex=\"-1\" aria-controls=\"elementor-tab-content-2043\" aria-expanded=\"false\"><i class=\"fa fa-train\" aria-hidden=\"true\"><\/i>   Von Gare du Nord ou de la Gare de l\u2019Est<\/div>\n\t\t\t\t\t\t\t\t\t<div id=\"elementor-tab-title-2044\" class=\"elementor-tab-title elementor-tab-desktop-title\" aria-selected=\"false\" data-tab=\"4\" role=\"tab\" tabindex=\"-1\" aria-controls=\"elementor-tab-content-2044\" aria-expanded=\"false\"><i class=\"fa fa-train\" aria-hidden=\"true\"><\/i>  Von Gare de Lyon<\/div>\n\t\t\t\t\t\t\t\t\t<div id=\"elementor-tab-title-2045\" class=\"elementor-tab-title elementor-tab-desktop-title\" aria-selected=\"false\" data-tab=\"5\" role=\"tab\" tabindex=\"-1\" aria-controls=\"elementor-tab-content-2045\" aria-expanded=\"false\"><i class=\"fa fa-train\" aria-hidden=\"true\"><\/i>  Von Gare Saint-Lazare<\/div>\n\t\t\t\t\t\t\t\t\t<div id=\"elementor-tab-title-2046\" class=\"elementor-tab-title elementor-tab-desktop-title\" aria-selected=\"false\" data-tab=\"6\" role=\"tab\" tabindex=\"-1\" aria-controls=\"elementor-tab-content-2046\" aria-expanded=\"false\"><i class=\"fa fa-train\" aria-hidden=\"true\"><\/i>  Von Gare Montparnasse<\/div>\n\t\t\t\t\t\t\t<\/div>\n\t\t\t<div class=\"elementor-tabs-content-wrapper\" role=\"tablist\" aria-orientation=\"vertical\">\n\t\t\t\t\t\t\t\t\t<div class=\"elementor-tab-title elementor-tab-mobile-title\" aria-selected=\"true\" data-tab=\"1\" role=\"tab\" tabindex=\"0\" aria-controls=\"elementor-tab-content-2041\" aria-expanded=\"false\"><i class=\"fa fa-plane\" aria-hidden=\"true\"><\/i>  Von Orly<\/div>\n\t\t\t\t\t<div id=\"elementor-tab-content-2041\" class=\"elementor-tab-content elementor-clearfix\" data-tab=\"1\" role=\"tabpanel\" aria-labelledby=\"elementor-tab-title-2041\" tabindex=\"0\" hidden=\"false\"><strong>NEHMEN SIE <\/strong>&#8212;&gt; RER B &#8212;&gt; Charles de Gaulle \/ Mitry\u00a0 &#8212;&gt; bis Chatelet les Halles\n\n<strong>CHANGER<\/strong> &#8212;&gt; M\u00e9tro 1 &#8212;&gt; Ch\u00e2teau de Vincennes &#8212;&gt; bis Bastille\n\n<strong>CHANGER<\/strong> &#8212;&gt; M\u00e9tro 8 &#8212;&gt; Cr\u00e9teil&#8212;&gt; bis Ledru-Roll<\/div>\n\t\t\t\t\t\t\t\t\t<div class=\"elementor-tab-title elementor-tab-mobile-title\" aria-selected=\"false\" data-tab=\"2\" role=\"tab\" tabindex=\"-1\" aria-controls=\"elementor-tab-content-2042\" aria-expanded=\"false\"><i class=\"fa fa-plane\" aria-hidden=\"true\"><\/i>  Von Charles de Gaulle<\/div>\n\t\t\t\t\t<div id=\"elementor-tab-content-2042\" class=\"elementor-tab-content elementor-clearfix\" data-tab=\"2\" role=\"tabpanel\" aria-labelledby=\"elementor-tab-title-2042\" tabindex=\"0\" hidden=\"hidden\"><em> Sie k\u00f6nnen auch einen Bus vom Flughafen aus nehmen: \u20ac 10,50\n<\/em>\n\n<strong>NEHMEN SIE<\/strong> &#8212;&gt; RER B &#8212;&gt; Robinson \/ Antony \/ St Remy &#8212;&gt; bis Chatelet les Halles\n\n<strong>UMSTEIGEN<\/strong> &#8212;&gt; M\u00e9tro 1&#8212;&gt; Chateau de Vincennes &#8212;&gt; bis Bastille\n\n<strong>UMSTEIGEN<\/strong> &#8212;&gt; M\u00e9tro 8 &#8212;&gt; Cr\u00e9teil &#8212;&gt; bis Ledru-Rollin<\/div>\n\t\t\t\t\t\t\t\t\t<div class=\"elementor-tab-title elementor-tab-mobile-title\" aria-selected=\"false\" data-tab=\"3\" role=\"tab\" tabindex=\"-1\" aria-controls=\"elementor-tab-content-2043\" aria-expanded=\"false\"><i class=\"fa fa-train\" aria-hidden=\"true\"><\/i>   Von Gare du Nord ou de la Gare de l\u2019Est<\/div>\n\t\t\t\t\t<div id=\"elementor-tab-content-2043\" class=\"elementor-tab-content elementor-clearfix\" data-tab=\"3\" role=\"tabpanel\" aria-labelledby=\"elementor-tab-title-2043\" tabindex=\"0\" hidden=\"hidden\"><p><strong>NEHMEN SIE<\/strong>&#8212;&gt; M\u00e9tro 5 &#8212;&gt; Place d\u2019Italie &#8212;&gt; bis Bastille<\/p><p><strong>UMSTEIGEN<\/strong> &#8212;&gt; M\u00e9tro 8 &#8212;&gt; Cr\u00e9teil &#8212;&gt; bisLedru-Rollin<\/p><\/div>\n\t\t\t\t\t\t\t\t\t<div class=\"elementor-tab-title elementor-tab-mobile-title\" aria-selected=\"false\" data-tab=\"4\" role=\"tab\" tabindex=\"-1\" aria-controls=\"elementor-tab-content-2044\" aria-expanded=\"false\"><i class=\"fa fa-train\" aria-hidden=\"true\"><\/i>  Von Gare de Lyon<\/div>\n\t\t\t\t\t<div id=\"elementor-tab-content-2044\" class=\"elementor-tab-content elementor-clearfix\" data-tab=\"4\" role=\"tabpanel\" aria-labelledby=\"elementor-tab-title-2044\" tabindex=\"0\" hidden=\"hidden\"><em>Sie k\u00f6nnen auch zu Fu\u00df vom Gare de Lyon kommen \u2013 ein Spaziergang von 10 Minuten \u2013 bitte sehen Sie die Karte dazu.\n<\/em>\n<strong>NEHMEN SIE<\/strong> &#8212;&gt; M\u00e9tro 1 &#8212;&gt; La D\u00e9fense &#8212;&gt; bis Bastille\n\n<strong>UMSTEIGEN<\/strong> &#8212;&gt; M\u00e9tro 8 &#8212;&gt; Cr\u00e9teil &#8212;&gt; bis Ledru-Rollin<\/div>\n\t\t\t\t\t\t\t\t\t<div class=\"elementor-tab-title elementor-tab-mobile-title\" aria-selected=\"false\" data-tab=\"5\" role=\"tab\" tabindex=\"-1\" aria-controls=\"elementor-tab-content-2045\" aria-expanded=\"false\"><i class=\"fa fa-train\" aria-hidden=\"true\"><\/i>  Von Gare Saint-Lazare<\/div>\n\t\t\t\t\t<div id=\"elementor-tab-content-2045\" class=\"elementor-tab-content elementor-clearfix\" data-tab=\"5\" role=\"tabpanel\" aria-labelledby=\"elementor-tab-title-2045\" tabindex=\"0\" hidden=\"hidden\"><p><strong>NEHMEN SIE<\/strong> &#8212;&gt; M\u00e9tro 14 &#8212;&gt; Olympiades &#8212;&gt; bis Gare de Lyon<\/p><p><strong>UMSTEIGEN<\/strong>&#8212;&gt; M\u00e9tro 1&#8212;&gt; La d\u00e9fence\u00a0 &#8212;&gt; bis Bastille<\/p><p><strong>UMSTEIGEN<\/strong> &#8212;&gt; M\u00e9tro 8 &#8212;&gt; Cr\u00e9teil &#8212;&gt; bis Ledru-Rollin<\/p><\/div>\n\t\t\t\t\t\t\t\t\t<div class=\"elementor-tab-title elementor-tab-mobile-title\" aria-selected=\"false\" data-tab=\"6\" role=\"tab\" tabindex=\"-1\" aria-controls=\"elementor-tab-content-2046\" aria-expanded=\"false\"><i class=\"fa fa-train\" aria-hidden=\"true\"><\/i>  Von Gare Montparnasse<\/div>\n\t\t\t\t\t<div id=\"elementor-tab-content-2046\" class=\"elementor-tab-content elementor-clearfix\" data-tab=\"6\" role=\"tabpanel\" aria-labelledby=\"elementor-tab-title-2046\" tabindex=\"0\" hidden=\"hidden\"><p><strong>NEHMEN SIE<\/strong> &#8212;&gt; M\u00e9tro 4 &#8212;&gt; Porte de Clignancourt &#8212;&gt; bis Chatelet les Halles<br \/><br \/><strong>UMSTEIGEN<\/strong> &#8212;&gt; M\u00e9tro 1&#8212;&gt; Ch\u00e2teau de Vincennes &#8212;&gt; bis Bastille<\/p><p><strong>UMSTEIGEN<\/strong>\u00a0&#8212;&gt; M\u00e9tro 8 &#8212;&gt; Cr\u00e9teil &#8212;&gt; bis Ledru-Rollin<\/p><\/div>\n\t\t\t\t\t\t\t<\/div>\n\t\t<\/div>\n\t\t\t\t\t\t<\/div>\n\t\t\t\t<\/div>\n\t\t\t\t\t<\/div>\n\t\t\t\t<\/div>\n\t\t\t\t<\/div>\n\t\t<div class=\"elementor-element elementor-element-0afbea7 e-con-full e-flex e-con e-child\" data-id=\"0afbea7\" data-element_type=\"container\" data-e-type=\"container\">\n\t\t\t\t<div class=\"elementor-element elementor-element-6d9235e elementor-widget elementor-widget-image\" data-id=\"6d9235e\" data-element_type=\"widget\" data-e-type=\"widget\" data-widget_type=\"image.default\">\n\t\t\t\t<div class=\"elementor-widget-container\">\n\t\t\t\t\t\t\t\t\t\t\t\t\t\t\t<img decoding=\"async\" width=\"800\" height=\"354\" src=\"https:\/\/www.aijparis.com\/wp-content\/uploads\/2023\/11\/plan-acces-aij.jpg\" class=\"attachment-large size-large wp-image-8831\" alt=\"\" srcset=\"https:\/\/www.aijparis.com\/wp-content\/uploads\/2023\/11\/plan-acces-aij.jpg 910w, https:\/\/www.aijparis.com\/wp-content\/uploads\/2023\/11\/plan-acces-aij-300x133.jpg 300w, https:\/\/www.aijparis.com\/wp-content\/uploads\/2023\/11\/plan-acces-aij-768x340.jpg 768w\" sizes=\"(max-width: 800px) 100vw, 800px\" \/>\t\t\t\t\t\t\t\t\t\t\t\t\t\t\t<\/div>\n\t\t\t\t<\/div>\n\t\t\t\t<div class=\"elementor-element elementor-element-2425181 elementor-widget elementor-widget-google_maps\" data-id=\"2425181\" data-element_type=\"widget\" data-e-type=\"widget\" data-widget_type=\"google_maps.default\">\n\t\t\t\t<div class=\"elementor-widget-container\">\n\t\t\t\t\t\t\t<div class=\"elementor-custom-embed\">\n\t\t\t<iframe loading=\"lazy\"\n\t\t\t\t\tsrc=\"https:\/\/maps.google.com\/maps?q=Auberge%20International%20des%20Jeunes%2010%2C%20rue%20trousseau%2075011%20Paris%20%2C%20Royaume-Uni&#038;t=m&#038;z=14&#038;output=embed&#038;iwloc=near\"\n\t\t\t\t\ttitle=\"Auberge International des Jeunes 10, rue trousseau 75011 Paris , Royaume-Uni\"\n\t\t\t\t\taria-label=\"Auberge International des Jeunes 10, rue trousseau 75011 Paris , Royaume-Uni\"\n\t\t\t><\/iframe>\n\t\t<\/div>\n\t\t\t\t\t\t<\/div>\n\t\t\t\t<\/div>\n\t\t\t\t<\/div>\n\t\t\t\t<\/div>\n\t\t\t\t<\/div>\n\t\t","protected":false},"excerpt":{"rendered":"<p>LAGE JUGENDHERBERGE IN PARIS Lage: Bastille Viertel Die Herberge AIJ ist im Herzen von Paris gelegen Auberge International des Jeunes | 10, rue trousseau | 75011 Paris Die Herberge AIJ ist im Herzen von Paris gelegen, im belebten Stadtteil La Bastille, wo sich auch besonders viele Bars und Restaurants finden lassen. Parkm\u00f6glichkeit in der N\u00e4he [&hellip;]<\/p>\n","protected":false},"author":1,"featured_media":0,"parent":0,"menu_order":0,"comment_status":"closed","ping_status":"closed","template":"","meta":{"footnotes":""},"class_list":["post-106","page","type-page","status-publish","hentry"],"yoast_head":"<!-- This site is optimized with the Yoast SEO plugin v27.5 - https:\/\/yoast.com\/product\/yoast-seo-wordpress\/ -->\n<title>Lage - AIJ Auberge Internationale des Jeunes<\/title>\n<meta name=\"robots\" content=\"index, follow, max-snippet:-1, max-image-preview:large, max-video-preview:-1\" \/>\n<link rel=\"canonical\" href=\"https:\/\/www.aijparis.com\/acces-auberge-intenationale-des-jeunes-paris\/\" \/>\n<meta property=\"og:locale\" content=\"de_DE\" \/>\n<meta property=\"og:type\" content=\"article\" \/>\n<meta property=\"og:title\" content=\"Lage - AIJ Auberge Internationale des Jeunes\" \/>\n<meta property=\"og:description\" content=\"LAGE JUGENDHERBERGE IN PARIS Lage: Bastille Viertel Die Herberge AIJ ist im Herzen von Paris gelegen Auberge International des Jeunes | 10, rue trousseau | 75011 Paris Die Herberge AIJ ist im Herzen von Paris gelegen, im belebten Stadtteil La Bastille, wo sich auch besonders viele Bars und Restaurants finden lassen. Parkm\u00f6glichkeit in der N\u00e4he [&hellip;]\" \/>\n<meta property=\"og:url\" content=\"https:\/\/www.aijparis.com\/acces-auberge-intenationale-des-jeunes-paris\/\" \/>\n<meta property=\"og:site_name\" content=\"AIJ Auberge Internationale des Jeunes\" \/>\n<meta property=\"article:modified_time\" content=\"2025-06-02T07:26:52+00:00\" \/>\n<meta property=\"og:image\" content=\"https:\/\/www.aijparis.com\/wp-content\/uploads\/2023\/11\/carte-monuments-aij-02.png\" \/>\n\t<meta property=\"og:image:width\" content=\"910\" \/>\n\t<meta property=\"og:image:height\" content=\"403\" \/>\n\t<meta property=\"og:image:type\" content=\"image\/png\" \/>\n<meta name=\"twitter:card\" content=\"summary_large_image\" \/>\n<meta name=\"twitter:label1\" content=\"Gesch\u00e4tzte Lesezeit\" \/>\n\t<meta name=\"twitter:data1\" content=\"3\u00a0Minuten\" \/>\n<script type=\"application\/ld+json\" class=\"yoast-schema-graph\">{\"@context\":\"https:\\\/\\\/schema.org\",\"@graph\":[{\"@type\":\"WebPage\",\"@id\":\"https:\\\/\\\/www.aijparis.com\\\/acces-auberge-intenationale-des-jeunes-paris\\\/\",\"url\":\"https:\\\/\\\/www.aijparis.com\\\/acces-auberge-intenationale-des-jeunes-paris\\\/\",\"name\":\"Lage - AIJ Auberge Internationale des Jeunes\",\"isPartOf\":{\"@id\":\"https:\\\/\\\/www.aijparis.com\\\/#website\"},\"primaryImageOfPage\":{\"@id\":\"https:\\\/\\\/www.aijparis.com\\\/acces-auberge-intenationale-des-jeunes-paris\\\/#primaryimage\"},\"image\":{\"@id\":\"https:\\\/\\\/www.aijparis.com\\\/acces-auberge-intenationale-des-jeunes-paris\\\/#primaryimage\"},\"thumbnailUrl\":\"https:\\\/\\\/www.aijparis.com\\\/wp-content\\\/uploads\\\/2023\\\/11\\\/carte-monuments-aij-02.png\",\"datePublished\":\"2014-04-07T09:28:05+00:00\",\"dateModified\":\"2025-06-02T07:26:52+00:00\",\"breadcrumb\":{\"@id\":\"https:\\\/\\\/www.aijparis.com\\\/acces-auberge-intenationale-des-jeunes-paris\\\/#breadcrumb\"},\"inLanguage\":\"de\",\"potentialAction\":[{\"@type\":\"ReadAction\",\"target\":[\"https:\\\/\\\/www.aijparis.com\\\/acces-auberge-intenationale-des-jeunes-paris\\\/\"]}]},{\"@type\":\"ImageObject\",\"inLanguage\":\"de\",\"@id\":\"https:\\\/\\\/www.aijparis.com\\\/acces-auberge-intenationale-des-jeunes-paris\\\/#primaryimage\",\"url\":\"https:\\\/\\\/www.aijparis.com\\\/wp-content\\\/uploads\\\/2023\\\/11\\\/carte-monuments-aij-02.png\",\"contentUrl\":\"https:\\\/\\\/www.aijparis.com\\\/wp-content\\\/uploads\\\/2023\\\/11\\\/carte-monuments-aij-02.png\"},{\"@type\":\"BreadcrumbList\",\"@id\":\"https:\\\/\\\/www.aijparis.com\\\/acces-auberge-intenationale-des-jeunes-paris\\\/#breadcrumb\",\"itemListElement\":[{\"@type\":\"ListItem\",\"position\":1,\"name\":\"Accueil\",\"item\":\"https:\\\/\\\/www.aijparis.com\\\/en\\\/\"},{\"@type\":\"ListItem\",\"position\":2,\"name\":\"Lage\"}]},{\"@type\":\"WebSite\",\"@id\":\"https:\\\/\\\/www.aijparis.com\\\/#website\",\"url\":\"https:\\\/\\\/www.aijparis.com\\\/\",\"name\":\"AIJ Auberge Internationale des Jeunes\",\"description\":\"\",\"publisher\":{\"@id\":\"https:\\\/\\\/www.aijparis.com\\\/#organization\"},\"potentialAction\":[{\"@type\":\"SearchAction\",\"target\":{\"@type\":\"EntryPoint\",\"urlTemplate\":\"https:\\\/\\\/www.aijparis.com\\\/?s={search_term_string}\"},\"query-input\":{\"@type\":\"PropertyValueSpecification\",\"valueRequired\":true,\"valueName\":\"search_term_string\"}}],\"inLanguage\":\"de\"},{\"@type\":\"Organization\",\"@id\":\"https:\\\/\\\/www.aijparis.com\\\/#organization\",\"name\":\"AIJ Auberge Internationale des Jeunes\",\"url\":\"https:\\\/\\\/www.aijparis.com\\\/\",\"logo\":{\"@type\":\"ImageObject\",\"inLanguage\":\"de\",\"@id\":\"https:\\\/\\\/www.aijparis.com\\\/#\\\/schema\\\/logo\\\/image\\\/\",\"url\":\"https:\\\/\\\/www.aijparis.com\\\/wp-content\\\/uploads\\\/2023\\\/10\\\/logo_picto.svg\",\"contentUrl\":\"https:\\\/\\\/www.aijparis.com\\\/wp-content\\\/uploads\\\/2023\\\/10\\\/logo_picto.svg\",\"width\":500,\"height\":500,\"caption\":\"AIJ Auberge Internationale des Jeunes\"},\"image\":{\"@id\":\"https:\\\/\\\/www.aijparis.com\\\/#\\\/schema\\\/logo\\\/image\\\/\"}}]}<\/script>\n<!-- \/ Yoast SEO plugin. -->","yoast_head_json":{"title":"Lage - AIJ Auberge Internationale des Jeunes","robots":{"index":"index","follow":"follow","max-snippet":"max-snippet:-1","max-image-preview":"max-image-preview:large","max-video-preview":"max-video-preview:-1"},"canonical":"https:\/\/www.aijparis.com\/acces-auberge-intenationale-des-jeunes-paris\/","og_locale":"de_DE","og_type":"article","og_title":"Lage - AIJ Auberge Internationale des Jeunes","og_description":"LAGE JUGENDHERBERGE IN PARIS Lage: Bastille Viertel Die Herberge AIJ ist im Herzen von Paris gelegen Auberge International des Jeunes | 10, rue trousseau | 75011 Paris Die Herberge AIJ ist im Herzen von Paris gelegen, im belebten Stadtteil La Bastille, wo sich auch besonders viele Bars und Restaurants finden lassen. Parkm\u00f6glichkeit in der N\u00e4he [&hellip;]","og_url":"https:\/\/www.aijparis.com\/acces-auberge-intenationale-des-jeunes-paris\/","og_site_name":"AIJ Auberge Internationale des Jeunes","article_modified_time":"2025-06-02T07:26:52+00:00","og_image":[{"width":910,"height":403,"url":"https:\/\/www.aijparis.com\/wp-content\/uploads\/2023\/11\/carte-monuments-aij-02.png","type":"image\/png"}],"twitter_card":"summary_large_image","twitter_misc":{"Gesch\u00e4tzte Lesezeit":"3\u00a0Minuten"},"schema":{"@context":"https:\/\/schema.org","@graph":[{"@type":"WebPage","@id":"https:\/\/www.aijparis.com\/acces-auberge-intenationale-des-jeunes-paris\/","url":"https:\/\/www.aijparis.com\/acces-auberge-intenationale-des-jeunes-paris\/","name":"Lage - AIJ Auberge Internationale des Jeunes","isPartOf":{"@id":"https:\/\/www.aijparis.com\/#website"},"primaryImageOfPage":{"@id":"https:\/\/www.aijparis.com\/acces-auberge-intenationale-des-jeunes-paris\/#primaryimage"},"image":{"@id":"https:\/\/www.aijparis.com\/acces-auberge-intenationale-des-jeunes-paris\/#primaryimage"},"thumbnailUrl":"https:\/\/www.aijparis.com\/wp-content\/uploads\/2023\/11\/carte-monuments-aij-02.png","datePublished":"2014-04-07T09:28:05+00:00","dateModified":"2025-06-02T07:26:52+00:00","breadcrumb":{"@id":"https:\/\/www.aijparis.com\/acces-auberge-intenationale-des-jeunes-paris\/#breadcrumb"},"inLanguage":"de","potentialAction":[{"@type":"ReadAction","target":["https:\/\/www.aijparis.com\/acces-auberge-intenationale-des-jeunes-paris\/"]}]},{"@type":"ImageObject","inLanguage":"de","@id":"https:\/\/www.aijparis.com\/acces-auberge-intenationale-des-jeunes-paris\/#primaryimage","url":"https:\/\/www.aijparis.com\/wp-content\/uploads\/2023\/11\/carte-monuments-aij-02.png","contentUrl":"https:\/\/www.aijparis.com\/wp-content\/uploads\/2023\/11\/carte-monuments-aij-02.png"},{"@type":"BreadcrumbList","@id":"https:\/\/www.aijparis.com\/acces-auberge-intenationale-des-jeunes-paris\/#breadcrumb","itemListElement":[{"@type":"ListItem","position":1,"name":"Accueil","item":"https:\/\/www.aijparis.com\/en\/"},{"@type":"ListItem","position":2,"name":"Lage"}]},{"@type":"WebSite","@id":"https:\/\/www.aijparis.com\/#website","url":"https:\/\/www.aijparis.com\/","name":"AIJ Auberge Internationale des Jeunes","description":"","publisher":{"@id":"https:\/\/www.aijparis.com\/#organization"},"potentialAction":[{"@type":"SearchAction","target":{"@type":"EntryPoint","urlTemplate":"https:\/\/www.aijparis.com\/?s={search_term_string}"},"query-input":{"@type":"PropertyValueSpecification","valueRequired":true,"valueName":"search_term_string"}}],"inLanguage":"de"},{"@type":"Organization","@id":"https:\/\/www.aijparis.com\/#organization","name":"AIJ Auberge Internationale des Jeunes","url":"https:\/\/www.aijparis.com\/","logo":{"@type":"ImageObject","inLanguage":"de","@id":"https:\/\/www.aijparis.com\/#\/schema\/logo\/image\/","url":"https:\/\/www.aijparis.com\/wp-content\/uploads\/2023\/10\/logo_picto.svg","contentUrl":"https:\/\/www.aijparis.com\/wp-content\/uploads\/2023\/10\/logo_picto.svg","width":500,"height":500,"caption":"AIJ Auberge Internationale des Jeunes"},"image":{"@id":"https:\/\/www.aijparis.com\/#\/schema\/logo\/image\/"}}]}},"_links":{"self":[{"href":"https:\/\/www.aijparis.com\/de\/wp-json\/wp\/v2\/pages\/106","targetHints":{"allow":["GET"]}}],"collection":[{"href":"https:\/\/www.aijparis.com\/de\/wp-json\/wp\/v2\/pages"}],"about":[{"href":"https:\/\/www.aijparis.com\/de\/wp-json\/wp\/v2\/types\/page"}],"author":[{"embeddable":true,"href":"https:\/\/www.aijparis.com\/de\/wp-json\/wp\/v2\/users\/1"}],"replies":[{"embeddable":true,"href":"https:\/\/www.aijparis.com\/de\/wp-json\/wp\/v2\/comments?post=106"}],"version-history":[{"count":31,"href":"https:\/\/www.aijparis.com\/de\/wp-json\/wp\/v2\/pages\/106\/revisions"}],"predecessor-version":[{"id":12932,"href":"https:\/\/www.aijparis.com\/de\/wp-json\/wp\/v2\/pages\/106\/revisions\/12932"}],"wp:attachment":[{"href":"https:\/\/www.aijparis.com\/de\/wp-json\/wp\/v2\/media?parent=106"}],"curies":[{"name":"wp","href":"https:\/\/api.w.org\/{rel}","templated":true}]}}